{"id":3,"date":"2024-06-26T18:47:36","date_gmt":"2024-06-26T16:47:36","guid":{"rendered":"https:\/\/www.frenellesenvexin.fr\/site\/?page_id=3"},"modified":"2024-09-26T10:29:04","modified_gmt":"2024-09-26T08:29:04","slug":"politique-de-confidentialite","status":"publish","type":"page","link":"https:\/\/www.frenellesenvexin.fr\/site\/politique-de-confidentialite\/","title":{"rendered":"Politique de confidentialit\u00e9"},"content":{"rendered":"<p><strong><span style=\"color: #333333;\">SOMMAIRE<\/span><\/strong><br \/><span style=\"color: #333333;\">ARTICLE 1. DONN\u00c9ES PERSONNELLES QUE NOUS RECUEILLONS<\/span><br \/><span style=\"color: #333333;\">ARTICLE 2. DONN\u00c9ES RELATIVES A LA CONSULTATION DU SITE<\/span><br \/><span style=\"color: #333333;\">2.1. L\u2019int\u00e9r\u00eat de voir s\u2019afficher des publicit\u00e9s adapt\u00e9es \u00e0 la navigation<\/span><br \/><span style=\"color: #333333;\">2.2. En cas d\u2019utilisation partag\u00e9e de votre terminal<\/span><br \/><span style=\"color: #333333;\">2.3. Cookies Tiers<\/span><br \/><span style=\"color: #333333;\">2.3.1. Via des contenus de tiers diffus\u00e9s dans nos espaces publicitaires<\/span><br \/><span style=\"color: #333333;\">2.3.2. Par une r\u00e9gie publicitaire externe exploitant nos espaces publicitaires<\/span><br \/><span style=\"color: #333333;\">2.4. Les cookies \u00ab Flash \u00bb de Adobe Flash Player<\/span><br \/><span style=\"color: #333333;\">2.5. Comment exprimer vos choix concernant les cookies ?<\/span><br \/><span style=\"color: #333333;\">2.5.1. Vos choix exprim\u00e9s directement via votre terminal<\/span><br \/><span style=\"color: #333333;\">ARTICLE 3. R\u00c9SEAUX SOCIAUX<\/span><\/p>\n<p><strong><span style=\"color: #333333;\">ARTICLE 1. DONN\u00c9ES PERSONNELLES QUE NOUS RECUEILLONS<\/span><\/strong><br \/><span style=\"color: #333333;\">Vous pouvez \u00eatre invit\u00e9s sur le Site \u00e0 fournir des donn\u00e9es personnelles qui vous<\/span><br \/><span style=\"color: #333333;\">concernent ou qui sont relatives \u00e0 un tiers. Cette collecte de donn\u00e9es s\u2019effectue<\/span><br \/><span style=\"color: #333333;\">notamment :<\/span><br \/><span style=\"color: #333333;\">\u2022 lorsque vous utilisez les d\u00e9marches en ligne<\/span><br \/><span style=\"color: #333333;\">\u2022 lorsque vous cr\u00e9ez un compte,<\/span><br \/><span style=\"color: #333333;\">\u2022 lorsque vous contactez la Mairie via le site,<\/span><br \/><span style=\"color: #333333;\">\u2022 lorsque vous naviguez sur le Site,<\/span><br \/><span style=\"color: #333333;\">\u2022 lorsque vous partagez une page ou une offre avec un ami par envoi d\u2019un e-mail,<\/span><br \/><span style=\"color: #333333;\">\u2022 lorsque vous partagez une page ou une offre par l\u2019interm\u00e9diaire d\u2019un r\u00e9seau social.<\/span><br \/><span style=\"color: #333333;\">Les donn\u00e9es collect\u00e9es sont destin\u00e9es \u00e0 l\u2019usage de la Mairie de Frenelles en Vexin afin<\/span><br \/><span style=\"color: #333333;\">de g\u00e9rer la relation avec vous et vous tenir inform\u00e9s de leurs ses offres et actualit\u00e9s.<\/span><br \/><span style=\"color: #333333;\">Par l\u2019interm\u00e9diaire de la Mairie de Frenelles en Vexin, et si vous y avez express\u00e9ment<\/span><br \/><span style=\"color: #333333;\">consenti, vous pouvez donc \u00eatre amen\u00e9 \u00e0 recevoir des actualit\u00e9s \u00e9lectroniques<\/span><br \/><span style=\"color: #333333;\">\u00e9manant de partenaires de la Mairie de Frenelles en Vexin.<\/span><br \/><span style=\"color: #333333;\">Apr\u00e8s avoir fourni sur le Site vos donn\u00e9es personnelles, vous pouvez \u00e9galement \u00eatre<\/span><br \/><span style=\"color: #333333;\">inform\u00e9 des offres de la Mairie de Frenelles en Vexin, sous forme de newsletters, emails<\/span><br \/><span style=\"color: #333333;\">\u00e9v\u00e9nementiels ou emails d\u2019offres personnalis\u00e9es de services fournis par la Mairie de<\/span><br \/><span style=\"color: #333333;\">Frenelles en Vexin. Si vous ne souhaitez plus recevoir ces propositions, vous pouvez<\/span><br \/><span style=\"color: #333333;\">nous en informer \u00e0 tout moment par courrier ou par e-mail (coordonn\u00e9es indiqu\u00e9es<\/span><br \/><span style=\"color: #333333;\">dans la rubrique \u00ab Contact \u00bb du Site) ou via le lien de d\u00e9sabonnement contenu dans<\/span><br \/><span style=\"color: #333333;\">chacun des emails que nous vous envoyons.<\/span><br \/><span style=\"color: #333333;\">La Mairie de Frenelles en Vexin est responsable du traitement de vos donn\u00e9es. Elles<\/span><br \/><span style=\"color: #333333;\">peuvent \u00eatre transmises \u00e0 ses prestataires, situ\u00e9s dans l\u2019Union europ\u00e9enne, auxquels la<\/span><br \/><span style=\"color: #333333;\">Mairie de Frenelles en Vexin fait appel dans le cadre de l\u2019ex\u00e9cution des commandes et de<\/span><br \/><span style=\"color: #333333;\">la fourniture des services propos\u00e9s via le Site ou dans les conditions indiqu\u00e9es lors de la<\/span><br \/><span style=\"color: #333333;\">collecte des donn\u00e9es sur le Site.<\/span><br \/><span style=\"color: #333333;\">Les traitements de donn\u00e9es personnelles mis en \u0153uvre par la Mairie de Frenelles en Vexin<\/span><br \/><span style=\"color: #333333;\">via le Site ont fait l\u2019objet des registres et notifications pr\u00e9vus par la loi fran\u00e7aise \u00ab<\/span><br \/><span style=\"color: #333333;\">Informatique &amp; Libert\u00e9s \u00bb no 78-17 du 6 janvier 1978, notamment aupr\u00e8s de la CNIL<\/span><br \/><span style=\"color: #333333;\">(www.cnil.fr).<\/span><br \/><span style=\"color: #333333;\">Conform\u00e9ment \u00e0 cette loi, vous disposez d\u2019un droit d\u2019acc\u00e8s, de modification, de<\/span><br \/><span style=\"color: #333333;\">rectification et de suppression portant sur les donn\u00e9es personnelles vous concernant,<\/span><br \/><span style=\"color: #333333;\">que vous pouvez exercer en \u00e9crivant \u00e0 \u00ab Mairie de Frenelles en Vexin \u2013 09 Rue de l\u2019\u00e9glise<\/span><br \/><span style=\"color: #333333;\">Saint Martin \u2013 Boisemont \u2013 27150 Frenelles en Vexin \u00bb.<\/span><br \/><span style=\"color: #333333;\">Dans le cas d\u2019une demande d\u2019acc\u00e8s \u00e0 vos donn\u00e9es personnelles, une copie de votre<\/span><br \/><span style=\"color: #333333;\">pi\u00e8ce d\u2019identit\u00e9 recto\/verso est n\u00e9cessaire ou par le formulaire de contact pr\u00e9sent sur le<\/span><br \/><span style=\"color: #333333;\">Site.<\/span><\/p>\n<p><strong><span style=\"color: #333333;\">ARTICLE 2. DONNEES RELATIVES A LA CONSULTATION DU SITE<\/span><\/strong><br \/><span style=\"color: #333333;\">Certaines informations non personnelles peuvent \u00eatre recueillies a l\u2019occasion de votre<\/span><br \/><span style=\"color: #333333;\">navigation sur le Site, comme la version de votre navigateur (Chrome, Firefox, Safari,<\/span><br \/><span style=\"color: #333333;\">Op\u00e9ra, Internet Explorer, etc.), le type de syst\u00e8me d\u2019exploitation utilis\u00e9 (Linux, Windows<\/span><br \/><span style=\"color: #333333;\">98, Mac Os, etc.) et l\u2019adresse IP (Internet Protocol) de l\u2019ordinateur utilis\u00e9.<\/span><br \/><span style=\"color: #333333;\">La Mairie de Frenelles en Vexin utilise des cookies, destin\u00e9s \u00e0 stocker des informations<\/span><br \/><span style=\"color: #333333;\">pouvant identifier votre terminal (ordinateur, tablette, smartphone, etc.) durant la<\/span><br \/><span style=\"color: #333333;\">consultation du Site afin de faciliter l\u2019exp\u00e9rience de navigation sur ce dernier.<\/span><br \/><span style=\"color: #333333;\">En outre, la Mairie de Frenelles en Vexin est susceptible d\u2019acheter des espaces<\/span><br \/><span style=\"color: #333333;\">publicitaires directement ou par l\u2019interm\u00e9diaire de prestataires (agences de conseil en<\/span><br \/><span style=\"color: #333333;\">communication) afin de promouvoir ses activit\u00e9s et ses offres sur des sites ou<\/span><br \/><span style=\"color: #333333;\">applications de tiers, au moyen de contenus publicitaires (texte, graphismes, animations,<\/span><br \/><span style=\"color: #333333;\">vid\u00e9os, etc.) diffus\u00e9s par ces sites ou applications. De m\u00eame, des cookies sont<\/span><br \/><span style=\"color: #333333;\">susceptibles d\u2019\u00eatre inclus dans les espaces publicitaires du Site. Ces espaces<\/span><br \/><span style=\"color: #333333;\">publicitaires affichent sur votre terminal des contenus publicitaires \u00e9manant<\/span><br \/><span style=\"color: #333333;\">d\u2019annonceurs. Ces espaces contribuent au financement des contenus et des services<\/span><br \/><span style=\"color: #333333;\">que la Mairie de Frenelles en Vexin met \u00e0 votre disposition.<\/span><br \/><span style=\"color: #333333;\">Lors de l\u2019affichage de tels contenus publicitaires, des informations relatives \u00e0 la<\/span><br \/><span style=\"color: #333333;\">navigation de votre terminal (ordinateur, tablette, smartphone, etc.) sont susceptibles<\/span><br \/><span style=\"color: #333333;\">d\u2019\u00eatre enregistr\u00e9es dans des fichiers \u00ab cookies \u00bb install\u00e9s sur ce terminal, sous r\u00e9serve<\/span><br \/><span style=\"color: #333333;\">des choix exprim\u00e9s concernant les cookies, par l\u2019un des moyens d\u00e9crit \u00e0 l\u2019Article 2.5 ci-dessous et que vous pouvez modifier a tout moment.<\/span><br \/><span style=\"color: #333333;\">Seul l\u2019\u00e9metteur d\u2019un cookie est susceptible de lire ou de modifier des informations qui y<\/span><br \/><span style=\"color: #333333;\">sont contenues.<\/span><br \/><span style=\"color: #333333;\">Les cookies que la Mairie de Frenelles en Vexin \u00e9met permettent :<\/span><br \/><span style=\"color: #333333;\">d\u2019\u00e9tablir des statistiques et volumes de fr\u00e9quentation et d\u2019utilisation des divers \u00e9l\u00e9ments<\/span><br \/><span style=\"color: #333333;\">composant le Site (rubriques et contenus visit\u00e9s, parcours), et nous permettent<\/span><br \/><span style=\"color: #333333;\">d\u2019am\u00e9liorer l\u2019int\u00e9r\u00eat et l\u2019ergonomie des services consult\u00e9s sur le Site,<\/span><br \/><span style=\"color: #333333;\">de comptabiliser le nombre total de publicit\u00e9s affich\u00e9es par la Mairie de Frenelles en<\/span><br \/><span style=\"color: #333333;\">Vexin sur ses espaces publicitaires, d\u2019identifier ces publicit\u00e9s, leur nombre d\u2019affichages<\/span><br \/><span style=\"color: #333333;\">respectifs, le nombre d\u2019utilisateurs ayant cliqu\u00e9 sur chaque publicit\u00e9 et, le cas \u00e9ch\u00e9ant,<\/span><br \/><span style=\"color: #333333;\">les actions ult\u00e9rieures effectu\u00e9es par ces utilisateurs sur les pages auxquelles m\u00e8nent<\/span><br \/><span style=\"color: #333333;\">ces publicit\u00e9s, afin de calculer les sommes dues aux acteurs de la cha\u00eene de diffusion<\/span><br \/><span style=\"color: #333333;\">publicitaire (agence de communication, r\u00e9gie publicitaire, site\/support de diffusion) et<\/span><br \/><span style=\"color: #333333;\">d\u2019\u00e9tablir des statistiques,<\/span><br \/><span style=\"color: #333333;\">d\u2019adapter la pr\u00e9sentation du Site et des espaces publicitaires y aff\u00e9rent aux pr\u00e9f\u00e9rences<\/span><br \/><span style=\"color: #333333;\">d\u2019affichage de votre terminal (langue utilis\u00e9e, r\u00e9solution d\u2019affichage, syst\u00e8me<\/span><br \/><span style=\"color: #333333;\">d\u2019exploitation utilis\u00e9, etc) lors des visites sur le Site, selon les mat\u00e9riels et les logiciels de<\/span><br \/><span style=\"color: #333333;\">visualisation ou de lecture que ce terminal comporte,<\/span><br \/><span style=\"color: #333333;\">d\u2019adapter les contenus publicitaires affich\u00e9s sur votre terminal par les espaces<\/span><br \/><span style=\"color: #333333;\">publicitaires, selon la navigation de ce terminal et\/ou en fonction des donn\u00e9es<\/span><br \/><span style=\"color: #333333;\">personnelles que vous nous avez fournies,<\/span><br \/><span style=\"color: #333333;\">de m\u00e9moriser des informations relatives \u00e0 un formulaire que vous avez rempli sur le Site<\/span><br \/><span style=\"color: #333333;\">(inscription ou acc\u00e8s au compte) ou \u00e0 des produits, services ou informations que vous<\/span><br \/><span style=\"color: #333333;\">avez choisis sur le Site (service souscrit, contenu d\u2019un panier de commande, etc.),<\/span><br \/><span style=\"color: #333333;\">de vous permettre d\u2019acc\u00e9der \u00e0 des espaces r\u00e9serv\u00e9s et personnels du Site, gr\u00e2ce aux<\/span><br \/><span style=\"color: #333333;\">identifiants choisis lors de l\u2019inscription au Site,<\/span><br \/><span style=\"color: #333333;\">de mettre en \u0153uvre des mesures de s\u00e9curit\u00e9, par exemple lorsqu\u2019un acc\u00e8s r\u00e9serv\u00e9 est<\/span><br \/><span style=\"color: #333333;\">r\u00e9voqu\u00e9 apr\u00e8s un certain laps de temps.<\/span><br \/><span style=\"color: #333333;\">Si vous refusez l\u2019enregistrement de cookies sur votre terminal, ou en cas de suppression<\/span><br \/><span style=\"color: #333333;\">de ceux qui y sont enregistr\u00e9s, vous ne pourrez plus b\u00e9n\u00e9ficier d\u2019un certain nombre de<\/span><br \/><span style=\"color: #333333;\">fonctionnalit\u00e9s qui sont n\u00e9anmoins n\u00e9cessaires pour naviguer dans certains espaces du<\/span><br \/><span style=\"color: #333333;\">Site, en particulier, le panier de Commande. Le cas \u00e9ch\u00e9ant, la Mairie de Frenelles en<\/span><br \/><span style=\"color: #333333;\">Vexin d\u00e9cline toute responsabilit\u00e9 pour les cons\u00e9quences li\u00e9es au fonctionnement<\/span><br \/><span style=\"color: #333333;\">d\u00e9grad\u00e9 des services du Site r\u00e9sultant de l\u2019impossibilit\u00e9 d\u2019enregistrer ou de consulter les<\/span><br \/><span style=\"color: #333333;\">cookies n\u00e9cessaires \u00e0 leur fonctionnement et que vous auriez refus\u00e9s ou supprim\u00e9s.<\/span><\/p>\n<p><strong><span style=\"color: #333333;\">2.1. L\u2019int\u00e9r\u00eat de voir s\u2019afficher des publicit\u00e9s adapt\u00e9es \u00e0 la navigation<\/span><\/strong><br \/><span style=\"color: #333333;\">L\u2019objectif de la Mairie de Frenelles en Vexin est de vous pr\u00e9senter les publicit\u00e9s les plus<\/span><br \/><span style=\"color: #333333;\">pertinentes possibles. A cette fin, la technologie des cookies permet de d\u00e9terminer en<\/span><br \/><span style=\"color: #333333;\">temps r\u00e9el quelle publicit\u00e9 afficher \u00e0 un terminal, en fonction de sa navigation r\u00e9cente<\/span><br \/><span style=\"color: #333333;\">sur un(e) ou plusieurs sites ou applications.<\/span><br \/><span style=\"color: #333333;\">Votre int\u00e9r\u00eat pour les contenus publicitaires qui sont affich\u00e9s sur votre terminal lors de<\/span><br \/><span style=\"color: #333333;\">la consultation d\u2019autres sites d\u00e9termine souvent les ressources publicitaires de celui-ci,<\/span><br \/><span style=\"color: #333333;\">lui permettant d\u2019exploiter ses services, souvent fournis aux utilisateurs \u00e0 titre gratuit.<\/span><br \/><span style=\"color: #333333;\">Vous pr\u00e9f\u00e9rez sans doute voir s\u2019afficher des publicit\u00e9s qui correspondent \u00e0 ce qui vous<\/span><br \/><span style=\"color: #333333;\">int\u00e9resse plut\u00f4t que les publicit\u00e9s qui n\u2019ont aucun int\u00e9r\u00eat pour vous. De m\u00eame, les<\/span><br \/><span style=\"color: #333333;\">annonceurs qui souhaitent voir leurs publicit\u00e9s diffus\u00e9es sont int\u00e9ress\u00e9s par l\u2019affichage<\/span><br \/><span style=\"color: #333333;\">de leurs offres aupr\u00e8s d\u2019utilisateurs susceptibles d\u2019\u00eatre les plus int\u00e9ress\u00e9s par celles-ci.<\/span><\/p>\n<p><strong><span style=\"color: #333333;\">2.2. En cas d\u2019utilisation partag\u00e9e de votre terminal<\/span><\/strong><br \/><span style=\"color: #333333;\">Si votre terminal est utilis\u00e9 par plusieurs personnes et lorsqu\u2019un m\u00eame terminal dispose<\/span><br \/><span style=\"color: #333333;\">de plusieurs logiciels de navigation, la Mairie de Frenelles en Vexin ne saurait s\u2019assurer<\/span><br \/><span style=\"color: #333333;\">de mani\u00e8re certaine que les services et publicit\u00e9s destin\u00e9s \u00e0 ce terminal correspondent<\/span><br \/><span style=\"color: #333333;\">bien \u00e0 votre utilisation propre et non a celle d\u2019un autre utilisateur de ce terminal.<\/span><br \/><span style=\"color: #333333;\">Le cas \u00e9ch\u00e9ant, le partage avec d\u2019autres personnes de l\u2019utilisation de ce terminal et la<\/span><br \/><span style=\"color: #333333;\">configuration des param\u00e8tres du navigateur utilis\u00e9 \u00e0 l\u2019\u00e9gard des cookies, rel\u00e8vent de<\/span><br \/><span style=\"color: #333333;\">votre libre choix et de votre responsabilit\u00e9.<\/span><\/p>\n<p><strong><span style=\"color: #333333;\">2.3. Cookies tiers<\/span><\/strong><br \/><span style=\"color: #333333;\">Lorsque vous naviguez sur le Site, des cookies \u00e9mis par des soci\u00e9t\u00e9s tierces peuvent<\/span><br \/><span style=\"color: #333333;\">\u00eatre plac\u00e9s par ces derni\u00e8res sur votre terminal, sous r\u00e9serve des choix que vous avez<\/span><br \/><span style=\"color: #333333;\">pu exercer ant\u00e9rieurement ou \u00e0 tout moment, notamment au travers de la configuration<\/span><br \/><span style=\"color: #333333;\">des param\u00e8tres de votre logiciel de navigation, dans les conditions d\u00e9crites \u00e0 l\u2019Article<\/span><br \/><span style=\"color: #333333;\">2.5 ci-dessous. Ces cookies ont pour finalit\u00e9 d\u2019identifier les Produits consult\u00e9s sur le<\/span><br \/><span style=\"color: #333333;\">Site et de collecter des donn\u00e9es de navigation afin de personnaliser l\u2019offre publicitaire<\/span><br \/><span style=\"color: #333333;\">qui pourrait vous \u00eatre pr\u00e9sent\u00e9e en dehors du Site. Les donn\u00e9es recueillies par le biais<\/span><br \/><span style=\"color: #333333;\">de ces cookies sont partag\u00e9es avec des tiers \u00e0 des fins publicitaires. Dans le cadre de<\/span><br \/><span style=\"color: #333333;\">ce type de partenariat publicitaire, la Mairie de Frenelles en Vexin peut donc \u00eatre<\/span><br \/><span style=\"color: #333333;\">amen\u00e9e \u00e0 transmettre au partenaire concern\u00e9 des donn\u00e9es de navigation anonymes<\/span><br \/><span style=\"color: #333333;\">concernant les Produits consult\u00e9s avec votre terminal lors de votre navigation sur le<\/span><br \/><span style=\"color: #333333;\">Site.<\/span><br \/><span style=\"color: #333333;\">L\u2019\u00e9mission et l\u2019utilisation de cookies par des tiers sont soumises aux politiques de<\/span><br \/><span style=\"color: #333333;\">protection de la vie priv\u00e9e de ces tiers. La Mairie de Frenelles en Vexin vous informe de<\/span><br \/><span style=\"color: #333333;\">l\u2019objet des cookies dont la Mairie de Frenelles en Vexin a connaissance et des moyens<\/span><br \/><span style=\"color: #333333;\">dont vous disposez pour effectuer des choix \u00e0 l\u2019\u00e9gard de ces cookies et de leurs<\/span><br \/><span style=\"color: #333333;\">\u00e9metteurs respectifs.<\/span><\/p>\n<p><strong><span style=\"color: #333333;\">2.3.1. Via des contenus de tiers diffus\u00e9s dans nos espaces publicitaires<\/span><\/strong><br \/><span style=\"color: #333333;\">Les contenus publicitaires (graphismes, animations, vid\u00e9os, etc.) diffus\u00e9s dans nos<\/span><br \/><span style=\"color: #333333;\">espaces publicitaires sont susceptibles de contenir des cookies \u00e9mis par des tiers : soit<\/span><br \/><span style=\"color: #333333;\">l\u2019annonceur a l\u2019origine du contenu publicitaire concern\u00e9, soit une soci\u00e9t\u00e9 tierce a<\/span><br \/><span style=\"color: #333333;\">l\u2019annonceur (agence conseil en communication, soci\u00e9t\u00e9 de mesure d\u2019audience,<\/span><br \/><span style=\"color: #333333;\">prestataire de publicit\u00e9 cibl\u00e9e, etc.), qui a associ\u00e9 un cookie au contenu publicitaire<\/span><br \/><span style=\"color: #333333;\">d\u2019un annonceur.<\/span><br \/><span style=\"color: #333333;\">Le cas \u00e9ch\u00e9ant, les cookies \u00e9mis par ces tiers peuvent leur permettre, pendant la dur\u00e9e<\/span><br \/><span style=\"color: #333333;\">de validit\u00e9 de ces cookies :<\/span><br \/><span style=\"color: #333333;\">de comptabiliser le nombre d\u2019affichages des contenus publicitaires diffus\u00e9s via nos<\/span><br \/><span style=\"color: #333333;\">espaces publicitaires, d\u2019identifier les publicit\u00e9s ainsi affich\u00e9es, le nombre d\u2019utilisateurs<\/span><br \/><span style=\"color: #333333;\">ayant cliqu\u00e9 sur chaque publicit\u00e9, leur permettant de calculer les sommes dues de ce<\/span><br \/><span style=\"color: #333333;\">fait et d\u2019\u00e9tablir des statistiques,<\/span><br \/><span style=\"color: #333333;\">de reconna\u00eetre votre terminal lors de votre navigation ult\u00e9rieure sur tout autre site ou<\/span><br \/><span style=\"color: #333333;\">service sur lequel ces annonceurs ou ces tiers \u00e9mettent \u00e9galement des cookies et, le<\/span><br \/><span style=\"color: #333333;\">cas \u00e9ch\u00e9ant, d\u2019adapter ces sites et services tiers ou les publicit\u00e9s qu\u2019ils diffusent, \u00e0 la<\/span><br \/><span style=\"color: #333333;\">navigation de votre terminal dont ils peuvent avoir connaissance.<\/span><\/p>\n<p><strong><span style=\"color: #333333;\">2.3.2. Par une r\u00e9gie publicitaire externe exploitant nos espaces publicitaires<\/span><\/strong><br \/><span style=\"color: #333333;\">Les espaces publicitaires de notre site sont susceptibles d\u2019\u00eatre exploit\u00e9s par une ou<\/span><br \/><span style=\"color: #333333;\">plusieurs r\u00e9gie(s) publicitaire(s) externe(s) et, le cas \u00e9ch\u00e9ant, de contenir des cookies<\/span><br \/><span style=\"color: #333333;\">\u00e9mis par l\u2019une d\u2019entre elles.<\/span><br \/><span style=\"color: #333333;\">Le cas \u00e9ch\u00e9ant, les cookies \u00e9mis par ces r\u00e9gies publicitaires externes leur permettent,<\/span><br \/><span style=\"color: #333333;\">pendant la dur\u00e9e de validit\u00e9 de ces cookies :<\/span><br \/><span style=\"color: #333333;\">de comptabiliser le nombre total de publicit\u00e9s affich\u00e9es par leurs soins sur nos espaces<\/span><br \/><span style=\"color: #333333;\">publicitaires, d\u2019identifier ces publicit\u00e9s, leur nombre d\u2019affichages respectifs, le nombre<\/span><br \/><span style=\"color: #333333;\">d\u2019utilisateurs ayant cliqu\u00e9 sur chaque publicit\u00e9 et, le cas \u00e9ch\u00e9ant, les actions<\/span><br \/><span style=\"color: #333333;\">ult\u00e9rieures effectu\u00e9es par ces utilisateurs sur les pages auxquelles m\u00e8nent ces<\/span><br \/><span style=\"color: #333333;\">publicit\u00e9s, afin de calculer les sommes dues aux acteurs de la cha\u00eene de diffusion<\/span><br \/><span style=\"color: #333333;\">publicitaire (annonceur, agence de communication, r\u00e9gie publicitaire, site\/support de<\/span><br \/><span style=\"color: #333333;\">diffusion) et d\u2019\u00e9tablir des statistiques,<\/span><br \/><span style=\"color: #333333;\">d\u2019adapter les espaces publicitaires qu\u2019elles op\u00e8rent aux pr\u00e9f\u00e9rences d\u2019affichage de<\/span><br \/><span style=\"color: #333333;\">votre terminal (langue utilis\u00e9e, r\u00e9solution d\u2019affichage, syst\u00e8me d\u2019exploitation utilis\u00e9,<\/span><br \/><span style=\"color: #333333;\">etc), selon les mat\u00e9riels et les logiciels de visualisation ou de lecture que votre terminal<\/span><br \/><span style=\"color: #333333;\">comporte,<\/span><br \/><span style=\"color: #333333;\">d\u2019adapter les contenus publicitaires affich\u00e9s sur votre terminal via nos espaces<\/span><br \/><span style=\"color: #333333;\">publicitaires selon la navigation de votre terminal sur notre site,<\/span><br \/><span style=\"color: #333333;\">d\u2019adapter les contenus publicitaires affich\u00e9s sur votre terminal via nos espaces<\/span><br \/><span style=\"color: #333333;\">publicitaires, selon la navigation ant\u00e9rieure ou ult\u00e9rieure de votre terminal sur des sites<\/span><br \/><span style=\"color: #333333;\">de tiers au sein desquels la r\u00e9gie concern\u00e9e \u00e9met \u00e9galement des cookies, sous r\u00e9serve<\/span><br \/><span style=\"color: #333333;\">que ces cookies aient \u00e9t\u00e9 enregistr\u00e9s dans votre terminal conform\u00e9ment aux choix que<\/span><br \/><span style=\"color: #333333;\">vous avez exerc\u00e9s par l\u2019un des moyens d\u00e9crits a l\u2019Article 2.5 ci-dessous,<\/span><br \/><span style=\"color: #333333;\">d\u2019adapter les contenus publicitaires affich\u00e9s sur votre terminal via nos espaces<\/span><br \/><span style=\"color: #333333;\">publicitaires en fonction des donn\u00e9es de localisation (longitude et latitude)<\/span><br \/><span style=\"color: #333333;\">susceptibles d\u2019\u00eatre transmises, sous r\u00e9serve de votre accord explicite et pr\u00e9alable, par<\/span><br \/><span style=\"color: #333333;\">votre terminal mobile,<\/span><br \/><span style=\"color: #333333;\">d\u2019adapter les contenus publicitaires affich\u00e9s sur votre terminal dans nos espaces<\/span><br \/><span style=\"color: #333333;\">publicitaires en fonction des donn\u00e9es personnelles que vous auriez pu fournir \u00e0 cette<\/span><br \/><span style=\"color: #333333;\">r\u00e9gie publicitaire.<\/span><\/p>\n<p><strong><span style=\"color: #333333;\">2.4. Les cookies \u00ab Flash \u00bb de Adobe Flash Player<\/span><\/strong><br \/><span style=\"color: #333333;\">\u00ab Adobe Flash Player \u00bb\u2122 est une application informatique qui permet le d\u00e9veloppement<\/span><br \/><span style=\"color: #333333;\">rapide des contenus dynamiques utilisant le langage informatique \u00ab Flash \u00bb. Flash (et les<\/span><br \/><span style=\"color: #333333;\">applications de m\u00eame type) m\u00e9morise les param\u00e8tres, les pr\u00e9f\u00e9rences et l\u2019utilisation de<\/span><br \/><span style=\"color: #333333;\">ces contenus gr\u00e2ce \u00e0 une technologie similaire aux cookies. Toutefois, \u00ab Adobe Flash<\/span><br \/><span style=\"color: #333333;\">Player \u00bb\u2122 g\u00e8re ces informations et vos choix via une interface diff\u00e9rente de celle fournie<\/span><br \/><span style=\"color: #333333;\">par votre logiciel de navigation.<\/span><br \/><span style=\"color: #333333;\">Dans la mesure o\u00f9 votre terminal serait susceptible de visualiser des contenus<\/span><br \/><span style=\"color: #333333;\">d\u00e9velopp\u00e9s avec le langage Flash, nous vous invitons \u00e0 acc\u00e9der \u00e0 vos outils de gestion<\/span><br \/><span style=\"color: #333333;\">des cookies Flash, directement depuis le site http:\/\/www.adobe.com\/fr\/.<\/span><\/p>\n<p><strong><span style=\"color: #333333;\">2.5. Comment exprimer vos choix concernant les cookies ?<\/span><\/strong><br \/><strong><span style=\"color: #333333;\">2.5.1. Vos choix exprim\u00e9s directement via votre terminal<\/span><\/strong><br \/><span style=\"color: #333333;\">Vous pouvez autoriser ou refuser l\u2019enregistrement de cookies dans votre terminal avec<\/span><br \/><span style=\"color: #333333;\">les param\u00e8tres appropri\u00e9s de votre logiciel de navigation sur Internet. Sur ce point, nous<\/span><br \/><span style=\"color: #333333;\">vous invitons \u00e0 consulter les conseils d\u2019utilisation de ces param\u00e8tres, selon le<\/span><br \/><span style=\"color: #333333;\">navigateur utilis\u00e9, accessibles sur la page du site internet de la Commission Nationale<\/span><br \/><span style=\"color: #333333;\">de l\u2019Informatique et des Libert\u00e9s : http:\/\/www.cnil.fr\/vos-libertes\/vos-traces\/lescookies\/.<\/span><br \/><span style=\"color: #333333;\">Vous pouvez \u00e9galement autoriser ou refuser l\u2019enregistrement de cookies dans votre<\/span><br \/><span style=\"color: #333333;\">terminal (mais dans ce dernier cas, vous ne pourrez plus passer de commande sur le<\/span><br \/><span style=\"color: #333333;\">Site), en configurant votre navigateur \u00e0 cette fin.<\/span><\/p>\n<p><strong><span style=\"color: #333333;\">ARTICLE 3. R\u00c9SEAUX SOCIAUX<\/span><\/strong><br \/><span style=\"color: #333333;\">Le Site utilise des plug-in de r\u00e9seaux sociaux, notamment Facebook, exploit\u00e9 par la<\/span><br \/><span style=\"color: #333333;\">soci\u00e9t\u00e9 Facebook Inc., 1601 S. California Ave, Palo Alto, CA 94304, USA (ci-apr\u00e8s et<\/span><br \/><span style=\"color: #333333;\">ensemble les \u00ab R\u00e9seaux Sociaux \u00bb).<\/span><br \/><span style=\"color: #333333;\">Si vous interagissez au moyen des plug-ins, par exemple en cliquant sur le bouton \u00ab<\/span><br \/><span style=\"color: #333333;\">J\u2019aime \u00bb ou \u00ab Partager \u00bb, les informations li\u00e9es \u00e0 votre navigation sur le Site et \u00e0 votre<\/span><br \/><span style=\"color: #333333;\">adh\u00e9sion \u00e0 ces r\u00e9seaux seront transmises et enregistr\u00e9es sur un serveur de la soci\u00e9t\u00e9<\/span><br \/><span style=\"color: #333333;\">exploitant le R\u00e9seau Social consid\u00e9r\u00e9 et partag\u00e9es selon les param\u00e8tres de votre<\/span><br \/><span style=\"color: #333333;\">compte d\u2019utilisateur de ces R\u00e9seaux Sociaux, conform\u00e9ment aux conditions<\/span><br \/><span style=\"color: #333333;\">d\u2019utilisation du R\u00e9seau Social consid\u00e9r\u00e9.<\/span><br \/><span style=\"color: #333333;\">Si vous ne souhaitez pas qu\u2019un R\u00e9seau Social relie les informations collect\u00e9es par<\/span><br \/><span style=\"color: #333333;\">l\u2019interm\u00e9diaire du Site au compte utilisateur du R\u00e9seau Social consid\u00e9r\u00e9, vous devez<\/span><br \/><span style=\"color: #333333;\">vous d\u00e9connecter du R\u00e9seau Social consid\u00e9r\u00e9 avant de visiter le Site.<\/span><br \/><span style=\"color: #333333;\">En tout \u00e9tat de cause, l\u2019utilisation de ces plug-in ou boutons est op\u00e9r\u00e9e par ces R\u00e9seaux<\/span><br \/><span style=\"color: #333333;\">Sociaux et est exclusivement r\u00e9gie par les conditions vous liant au R\u00e9seau Social dont<\/span><br \/><span style=\"color: #333333;\">vous \u00eates membre.<\/span><\/p>\n<p><strong><span style=\"color: #333333;\">VOUS AVEZ UNE QUESTION SP\u00c9CIFIQUE ?<\/span><\/strong><br \/><span style=\"color: #333333;\">Nous sommes \u00e0 votre disposition :<\/span><br \/><span style=\"color: #333333;\">T\u00e9l\u00e9phone : 02 32 69 41 26 \u2013 Mail : secretariat@frenellesenvexin.fr<\/span><\/p>\n","protected":false},"excerpt":{"rendered":"<p>SOMMAIREARTICLE 1. DONN\u00c9ES PERSONNELLES QUE NOUS RECUEILLONSARTICLE 2. DONN\u00c9ES RELATIVES A LA CONSULTATION DU SITE2.1. L\u2019int\u00e9r\u00eat de voir s\u2019afficher des publicit\u00e9s adapt\u00e9es \u00e0 la navigation2.2. En cas d\u2019utilisation partag\u00e9e de votre terminal2.3. Cookies Tiers2.3.1. Via des contenus de tiers diffus\u00e9s dans nos espaces publicitaires2.3.2. Par une r\u00e9gie publicitaire externe exploitant nos espaces publicitaires2.4. Les cookies [&hellip;]<\/p>\n","protected":false},"author":1,"featured_media":0,"parent":0,"menu_order":0,"comment_status":"closed","ping_status":"closed","template":"","meta":{"footnotes":""},"class_list":["post-3","page","type-page","status-publish","hentry"],"_links":{"self":[{"href":"https:\/\/www.frenellesenvexin.fr\/site\/wp-json\/wp\/v2\/pages\/3","targetHints":{"allow":["GET"]}}],"collection":[{"href":"https:\/\/www.frenellesenvexin.fr\/site\/wp-json\/wp\/v2\/pages"}],"about":[{"href":"https:\/\/www.frenellesenvexin.fr\/site\/wp-json\/wp\/v2\/types\/page"}],"author":[{"embeddable":true,"href":"https:\/\/www.frenellesenvexin.fr\/site\/wp-json\/wp\/v2\/users\/1"}],"replies":[{"embeddable":true,"href":"https:\/\/www.frenellesenvexin.fr\/site\/wp-json\/wp\/v2\/comments?post=3"}],"version-history":[{"count":0,"href":"https:\/\/www.frenellesenvexin.fr\/site\/wp-json\/wp\/v2\/pages\/3\/revisions"}],"wp:attachment":[{"href":"https:\/\/www.frenellesenvexin.fr\/site\/wp-json\/wp\/v2\/media?parent=3"}],"curies":[{"name":"wp","href":"https:\/\/api.w.org\/{rel}","templated":true}]}}